{"id":304,"date":"2026-03-18T10:36:59","date_gmt":"2026-03-18T10:36:59","guid":{"rendered":"https:\/\/fondsdedotationlinevautrin.fr\/?page_id=304"},"modified":"2026-03-24T16:52:07","modified_gmt":"2026-03-24T16:52:07","slug":"le-fonds-de-dotation-line-vautrin","status":"publish","type":"page","link":"https:\/\/fondsdedotationlinevautrin.fr\/en\/le-fonds-de-dotation-line-vautrin\/","title":{"rendered":"Le Fonds de dotation Line Vautrin"},"content":{"rendered":"<div data-elementor-type=\"wp-page\" data-elementor-id=\"304\" class=\"elementor elementor-304\" data-elementor-settings=\"{&quot;ha_cmc_init_switcher&quot;:&quot;no&quot;}\" data-elementor-post-type=\"page\">\n\t\t\t\t<div class=\"elementor-element elementor-element-b93abb3 e-con-full e-flex e-con e-parent\" data-id=\"b93abb3\" data-element_type=\"container\" data-e-type=\"container\" data-settings=\"{&quot;_ha_eqh_enable&quot;:false}\">\n\t\t\t\t<div class=\"elementor-element elementor-element-69d0ae7 elementor-widget elementor-widget-spacer\" data-id=\"69d0ae7\" data-element_type=\"widget\" data-e-type=\"widget\" data-widget_type=\"spacer.default\">\n\t\t\t\t\t\t\t<div class=\"elementor-spacer\">\n\t\t\t<div class=\"elementor-spacer-inner\"><\/div>\n\t\t<\/div>\n\t\t\t\t\t\t<\/div>\n\t\t\t\t<div class=\"elementor-element elementor-element-e5fe465 elementor-widget elementor-widget-heading\" data-id=\"e5fe465\" data-element_type=\"widget\" data-e-type=\"widget\" data-widget_type=\"heading.default\">\n\t\t\t\t\t<h1 class=\"elementor-heading-title elementor-size-default\">Le Fonds de dotation Line Vautrin<\/h1>\t\t\t\t<\/div>\n\t\t<div class=\"elementor-element elementor-element-5729dff e-flex e-con-boxed e-con e-child\" data-id=\"5729dff\" data-element_type=\"container\" data-e-type=\"container\" data-settings=\"{&quot;_ha_eqh_enable&quot;:false}\">\n\t\t\t\t\t<div class=\"e-con-inner\">\n\t\t\t\t<div class=\"elementor-element elementor-element-5820e68 elementor-widget elementor-widget-heading\" data-id=\"5820e68\" data-element_type=\"widget\" data-e-type=\"widget\" data-widget_type=\"heading.default\">\n\t\t\t\t\t<h2 class=\"elementor-heading-title elementor-size-default\">Un cadre d\u00e9di\u00e9 \u00e0 la pr\u00e9servation de l\u2019\u0153uvre<\/h2>\t\t\t\t<\/div>\n\t\t\t\t<div class=\"elementor-element elementor-element-b5b6f2d elementor-widget elementor-widget-text-editor\" data-id=\"b5b6f2d\" data-element_type=\"widget\" data-e-type=\"widget\" data-widget_type=\"text-editor.default\">\n\t\t\t\t\t\t\t\t\t<p>Le Fonds de dotation Line Vautrin s\u2019inscrit dans une d\u00e9marche visant \u00e0 <a href=\"https:\/\/fondsdedotationlinevautrin.fr\/en\/preserver-et-transmettre-loeuvre-de-line-vautrin\/\">pr\u00e9server et transmettre l\u2019\u0153uvre de Line Vautrin<\/a>. Il constitue un cadre structur\u00e9 permettant d\u2019accompagner la conservation, l\u2019\u00e9tude et la diffusion d\u2019un corpus singulier au sein des arts d\u00e9coratifs du XXe si\u00e8cle.<\/p>\n\nCette approche vise \u00e0 garantir une continuit\u00e9 dans la connaissance et la valorisation de l\u2019\u0153uvre, en s\u2019appuyant sur des principes de rigueur, de coh\u00e9rence et de respect des sp\u00e9cificit\u00e9s artistiques.\n\nLe Fonds s\u2019inscrit ainsi dans une logique de long terme, attentive \u00e0 la fois \u00e0 l\u2019int\u00e9grit\u00e9 des pi\u00e8ces et \u00e0 la qualit\u00e9 des informations qui leur sont associ\u00e9es.\t\t\t\t\t\t\t\t<\/div>\n\t\t\t\t\t<\/div>\n\t\t\t\t<\/div>\n\t\t\t\t<\/div>\n\t\t<div class=\"elementor-element elementor-element-eb1e7a2 e-con-full e-flex e-con e-parent\" data-id=\"eb1e7a2\" data-element_type=\"container\" data-e-type=\"container\" data-settings=\"{&quot;_ha_eqh_enable&quot;:false}\">\n\t\t<div class=\"elementor-element elementor-element-7326f56 e-con-full e-flex e-con e-child\" data-id=\"7326f56\" data-element_type=\"container\" data-e-type=\"container\" data-settings=\"{&quot;_ha_eqh_enable&quot;:false}\">\n\t\t<div class=\"elementor-element elementor-element-7defff3 e-con-full e-flex e-con e-child\" data-id=\"7defff3\" data-element_type=\"container\" data-e-type=\"container\" data-settings=\"{&quot;_ha_eqh_enable&quot;:false}\">\n\t\t\t\t<div class=\"elementor-element elementor-element-5265ae2 elementor-widget elementor-widget-heading\" data-id=\"5265ae2\" data-element_type=\"widget\" data-e-type=\"widget\" data-widget_type=\"heading.default\">\n\t\t\t\t\t<h2 class=\"elementor-heading-title elementor-size-default\">Une d\u00e9marche fond\u00e9e sur la rigueur et la continuit\u00e9<\/h2>\t\t\t\t<\/div>\n\t\t\t\t<div class=\"elementor-element elementor-element-57e1fe1 elementor-widget elementor-widget-text-editor\" data-id=\"57e1fe1\" data-element_type=\"widget\" data-e-type=\"widget\" data-widget_type=\"text-editor.default\">\n\t\t\t\t\t\t\t\t\t<p>L\u2019action du Fonds repose sur une exigence m\u00e9thodologique. La pr\u00e9servation de l\u2019\u0153uvre ne se limite pas \u00e0 la conservation mat\u00e9rielle des objets : elle implique \u00e9galement <a href=\"https:\/\/fondsdedotationlinevautrin.fr\/en\/recherche-archives-et-documentation\/\">les actions de recherche et de documentation<\/a>, ainsi qu\u2019un travail de structuration des connaissances, d\u2019analyse et de documentation.<\/p>\n\nCette d\u00e9marche suppose une continuit\u00e9 dans les actions men\u00e9es. Elle s\u2019appuie sur une organisation progressive des informations disponibles, ainsi que sur une attention port\u00e9e \u00e0 la fiabilit\u00e9 des sources.\n\nL\u2019objectif est de contribuer \u00e0 une compr\u00e9hension claire et durable de l\u2019\u0153uvre, en \u00e9vitant les approximations et les interpr\u00e9tations non fond\u00e9es.\t\t\t\t\t\t\t\t<\/div>\n\t\t\t\t<\/div>\n\t\t<div class=\"elementor-element elementor-element-f6097b4 e-con-full e-flex e-con e-child\" data-id=\"f6097b4\" data-element_type=\"container\" data-e-type=\"container\" data-settings=\"{&quot;_ha_eqh_enable&quot;:false}\">\n\t\t\t\t<div class=\"elementor-element elementor-element-91c8968 elementor-widget elementor-widget-heading\" data-id=\"91c8968\" data-element_type=\"widget\" data-e-type=\"widget\" data-widget_type=\"heading.default\">\n\t\t\t\t\t<h2 class=\"elementor-heading-title elementor-size-default\">Conserver, \u00e9tudier et transmettre<\/h2>\t\t\t\t<\/div>\n\t\t\t\t<div class=\"elementor-element elementor-element-af9311f elementor-widget elementor-widget-text-editor\" data-id=\"af9311f\" data-element_type=\"widget\" data-e-type=\"widget\" data-widget_type=\"text-editor.default\">\n\t\t\t\t\t\t\t\t\t<p>Le Fonds de dotation s\u2019inscrit dans une triple dynamique :<\/p><ul><li aria-level=\"1\">conserver les \u0153uvres et les \u00e9l\u00e9ments qui leur sont associ\u00e9s<br \/><br \/><\/li><li aria-level=\"1\">encourager leur \u00e9tude dans un cadre rigoureux<br \/><br \/><\/li><li aria-level=\"1\">favoriser la transmission des connaissances aupr\u00e8s de diff\u00e9rents publics<br \/><br \/><\/li><\/ul><p>Ces axes ne sont pas dissoci\u00e9s. Ils participent d\u2019une m\u00eame volont\u00e9 : inscrire l\u2019\u0153uvre de Line Vautrin dans une continuit\u00e9 intellectuelle et patrimoniale.<\/p><p>La transmission ne se limite pas \u00e0 la diffusion. Elle implique une m\u00e9diation adapt\u00e9e, fond\u00e9e sur des contenus fiables et structur\u00e9s.<\/p>\t\t\t\t\t\t\t\t<\/div>\n\t\t\t\t<\/div>\n\t\t\t\t<\/div>\n\t\t<div class=\"elementor-element elementor-element-577301b e-con-full e-flex e-con e-child\" data-id=\"577301b\" data-element_type=\"container\" data-e-type=\"container\" data-settings=\"{&quot;background_background&quot;:&quot;classic&quot;,&quot;_ha_eqh_enable&quot;:false}\">\n\t\t\t\t<\/div>\n\t\t\t\t<\/div>\n\t\t<div class=\"elementor-element elementor-element-c8eb46f e-flex e-con-boxed e-con e-parent\" data-id=\"c8eb46f\" data-element_type=\"container\" data-e-type=\"container\" data-settings=\"{&quot;_ha_eqh_enable&quot;:false}\">\n\t\t\t\t\t<div class=\"e-con-inner\">\n\t\t\t\t<div class=\"elementor-element elementor-element-0fe09ac elementor-widget elementor-widget-spacer\" data-id=\"0fe09ac\" data-element_type=\"widget\" data-e-type=\"widget\" data-widget_type=\"spacer.default\">\n\t\t\t\t\t\t\t<div class=\"elementor-spacer\">\n\t\t\t<div class=\"elementor-spacer-inner\"><\/div>\n\t\t<\/div>\n\t\t\t\t\t\t<\/div>\n\t\t\t\t\t<\/div>\n\t\t\t\t<\/div>\n\t\t<div class=\"elementor-element elementor-element-3733698 e-con-full e-flex e-con e-parent\" data-id=\"3733698\" data-element_type=\"container\" data-e-type=\"container\" data-settings=\"{&quot;_ha_eqh_enable&quot;:false}\">\n\t\t<div class=\"elementor-element elementor-element-bacfc06 e-con-full e-flex e-con e-child\" data-id=\"bacfc06\" data-element_type=\"container\" data-e-type=\"container\" data-settings=\"{&quot;background_background&quot;:&quot;classic&quot;,&quot;_ha_eqh_enable&quot;:false}\">\n\t\t\t\t<\/div>\n\t\t<div class=\"elementor-element elementor-element-ce57904 e-con-full e-flex e-con e-child\" data-id=\"ce57904\" data-element_type=\"container\" data-e-type=\"container\" data-settings=\"{&quot;_ha_eqh_enable&quot;:false}\">\n\t\t<div class=\"elementor-element elementor-element-5a76560 e-con-full e-flex e-con e-child\" data-id=\"5a76560\" data-element_type=\"container\" data-e-type=\"container\" data-settings=\"{&quot;_ha_eqh_enable&quot;:false}\">\n\t\t\t\t<div class=\"elementor-element elementor-element-af1ccdb elementor-widget elementor-widget-heading\" data-id=\"af1ccdb\" data-element_type=\"widget\" data-e-type=\"widget\" data-widget_type=\"heading.default\">\n\t\t\t\t\t<h2 class=\"elementor-heading-title elementor-size-default\">Un r\u00f4le d\u2019appui dans la structuration des connaissances<\/h2>\t\t\t\t<\/div>\n\t\t\t\t<div class=\"elementor-element elementor-element-4e618e7 elementor-widget elementor-widget-text-editor\" data-id=\"4e618e7\" data-element_type=\"widget\" data-e-type=\"widget\" data-widget_type=\"text-editor.default\">\n\t\t\t\t\t\t\t\t\t<p>Le Fonds contribue \u00e0 organiser les informations relatives \u00e0 l\u2019\u0153uvre. Cette structuration facilite l\u2019analyse, la comparaison et la compr\u00e9hension des pi\u00e8ces, et s\u2019inscrit notamment dans <a href=\"https:\/\/fondsdedotationlinevautrin.fr\/en\/authentifier-une-oeuvre-de-line-vautrin\/\">les d\u00e9marches d\u2019authentification des \u0153uvres<\/a>.<\/p>\n\nElle permet \u00e9galement de poser des rep\u00e8res dans un corpus qui peut pr\u00e9senter une grande diversit\u00e9 de formes, de techniques et de p\u00e9riodes de production.\n\nCe travail s\u2019inscrit dans une logique de clarification. Il vise \u00e0 rendre la connaissance plus accessible, tout en conservant un niveau d\u2019exigence \u00e9lev\u00e9.\t\t\t\t\t\t\t\t<\/div>\n\t\t\t\t<\/div>\n\t\t<div class=\"elementor-element elementor-element-6af09bd e-con-full e-flex e-con e-child\" data-id=\"6af09bd\" data-element_type=\"container\" data-e-type=\"container\" data-settings=\"{&quot;_ha_eqh_enable&quot;:false}\">\n\t\t\t\t<div class=\"elementor-element elementor-element-531e395 elementor-widget elementor-widget-heading\" data-id=\"531e395\" data-element_type=\"widget\" data-e-type=\"widget\" data-widget_type=\"heading.default\">\n\t\t\t\t\t<h2 class=\"elementor-heading-title elementor-size-default\">Une contribution \u00e0 la diffusion de l\u2019\u0153uvre<\/h2>\t\t\t\t<\/div>\n\t\t\t\t<div class=\"elementor-element elementor-element-9956709 elementor-widget elementor-widget-text-editor\" data-id=\"9956709\" data-element_type=\"widget\" data-e-type=\"widget\" data-widget_type=\"text-editor.default\">\n\t\t\t\t\t\t\t\t\t<p>La diffusion de l\u2019\u0153uvre constitue un enjeu important. Elle participe \u00e0 sa reconnaissance et \u00e0 sa compr\u00e9hension par un public \u00e9largi. Elle peut \u00e9galement s\u2019inscrire dans une dynamique d\u2019engagement, en permettant \u00e0 chacun de <a href=\"https:\/\/fondsdedotationlinevautrin.fr\/en\/soutenir-et-participer-a-la-mission-du-fonds\/\">soutenir et participer \u00e0 la mission du Fonds<\/a>.<\/p><p>Cette diffusion peut prendre diff\u00e9rentes formes : publications, pr\u00e9sentations, initiatives culturelles ou collaborations. Elle doit toutefois s\u2019appuyer sur des contenus fiables et une connaissance pr\u00e9cise du travail de l\u2019artiste.<\/p><p>L\u2019objectif n\u2019est pas seulement de rendre visible, mais de transmettre de mani\u00e8re juste.<\/p>\t\t\t\t\t\t\t\t<\/div>\n\t\t\t\t<\/div>\n\t\t\t\t<\/div>\n\t\t\t\t<\/div>\n\t\t<div class=\"elementor-element elementor-element-c1584ee e-flex e-con-boxed e-con e-parent\" data-id=\"c1584ee\" data-element_type=\"container\" data-e-type=\"container\" data-settings=\"{&quot;_ha_eqh_enable&quot;:false}\">\n\t\t\t\t\t<div class=\"e-con-inner\">\n\t\t\t\t<div class=\"elementor-element elementor-element-6462386 elementor-widget elementor-widget-spacer\" data-id=\"6462386\" data-element_type=\"widget\" data-e-type=\"widget\" data-widget_type=\"spacer.default\">\n\t\t\t\t\t\t\t<div class=\"elementor-spacer\">\n\t\t\t<div class=\"elementor-spacer-inner\"><\/div>\n\t\t<\/div>\n\t\t\t\t\t\t<\/div>\n\t\t\t\t\t<\/div>\n\t\t\t\t<\/div>\n\t\t<div class=\"elementor-element elementor-element-f1861a2 e-con-full e-flex e-con e-parent\" data-id=\"f1861a2\" data-element_type=\"container\" data-e-type=\"container\" data-settings=\"{&quot;_ha_eqh_enable&quot;:false}\">\n\t\t<div class=\"elementor-element elementor-element-a786f5d e-flex e-con-boxed e-con e-child\" data-id=\"a786f5d\" data-element_type=\"container\" data-e-type=\"container\" data-settings=\"{&quot;_ha_eqh_enable&quot;:false}\">\n\t\t\t\t\t<div class=\"e-con-inner\">\n\t\t\t\t<div class=\"elementor-element elementor-element-ce799c7 elementor-widget elementor-widget-heading\" data-id=\"ce799c7\" data-element_type=\"widget\" data-e-type=\"widget\" data-widget_type=\"heading.default\">\n\t\t\t\t\t<h2 class=\"elementor-heading-title elementor-size-default\">Un positionnement au croisement de la recherche et de la transmission<\/h2>\t\t\t\t<\/div>\n\t\t\t\t<div class=\"elementor-element elementor-element-d6e9b31 elementor-widget elementor-widget-text-editor\" data-id=\"d6e9b31\" data-element_type=\"widget\" data-e-type=\"widget\" data-widget_type=\"text-editor.default\">\n\t\t\t\t\t\t\t\t\t<p>Le Fonds de dotation Line Vautrin se situe \u00e0 l\u2019articulation de plusieurs dimensions : la recherche, la conservation et la transmission.<\/p><p>Ce positionnement permet de relier les diff\u00e9rents aspects du travail men\u00e9 autour de l\u2019\u0153uvre. Il favorise une approche globale, attentive \u00e0 la fois aux objets, aux techniques et aux contextes.<\/p><p>Il contribue \u00e9galement \u00e0 inscrire l\u2019\u0153uvre dans une dynamique contemporaine, en lien avec les enjeux actuels de connaissance et de valorisation du patrimoine.<\/p>\t\t\t\t\t\t\t\t<\/div>\n\t\t\t\t\t<\/div>\n\t\t\t\t<\/div>\n\t\t\t\t<\/div>\n\t\t<div class=\"elementor-element elementor-element-58abcc7 e-con-full e-flex e-con e-parent\" data-id=\"58abcc7\" data-element_type=\"container\" data-e-type=\"container\" data-settings=\"{&quot;_ha_eqh_enable&quot;:false}\">\n\t\t<div class=\"elementor-element elementor-element-3d51f7d e-flex e-con-boxed e-con e-child\" data-id=\"3d51f7d\" data-element_type=\"container\" data-e-type=\"container\" data-settings=\"{&quot;_ha_eqh_enable&quot;:false}\">\n\t\t\t\t\t<div class=\"e-con-inner\">\n\t\t\t\t<div class=\"elementor-element elementor-element-2c844ba elementor-widget elementor-widget-heading\" data-id=\"2c844ba\" data-element_type=\"widget\" data-e-type=\"widget\" data-widget_type=\"heading.default\">\n\t\t\t\t\t<h2 class=\"elementor-heading-title elementor-size-default\">Une inscription dans une temporalit\u00e9 longue<\/h2>\t\t\t\t<\/div>\n\t\t\t\t<div class=\"elementor-element elementor-element-d9614ba elementor-widget elementor-widget-text-editor\" data-id=\"d9614ba\" data-element_type=\"widget\" data-e-type=\"widget\" data-widget_type=\"text-editor.default\">\n\t\t\t\t\t\t\t\t\t<p>L\u2019action du Fonds s\u2019inscrit dans la dur\u00e9e. Pr\u00e9server et transmettre une \u0153uvre implique une continuit\u00e9 dans les d\u00e9marches, ainsi qu\u2019une capacit\u00e9 \u00e0 faire \u00e9voluer les connaissances.<\/p><p>Cette temporalit\u00e9 longue permet d\u2019accompagner l\u2019\u0153uvre au fil du temps, en tenant compte des avanc\u00e9es de la recherche et des \u00e9volutions des pratiques.<\/p><p>Elle garantit \u00e9galement que les actions men\u00e9es s\u2019inscrivent dans une perspective coh\u00e9rente, respectueuse de l\u2019int\u00e9grit\u00e9 et de la singularit\u00e9 du travail de Line Vautrin.<\/p>\t\t\t\t\t\t\t\t<\/div>\n\t\t\t\t\t<\/div>\n\t\t\t\t<\/div>\n\t\t\t\t<\/div>\n\t\t\t\t<\/div>","protected":false},"excerpt":{"rendered":"<p>Le Fonds de dotation Line Vautrin Un cadre d\u00e9di\u00e9 \u00e0 la pr\u00e9servation de l\u2019\u0153uvre Le Fonds de dotation Line Vautrin s\u2019inscrit dans une d\u00e9marche visant \u00e0 pr\u00e9server et transmettre l\u2019\u0153uvre de Line Vautrin. Il constitue un cadre structur\u00e9 permettant d\u2019accompagner la conservation, l\u2019\u00e9tude et la diffusion d\u2019un corpus singulier au sein des arts d\u00e9coratifs du [&hellip;]<\/p>\n","protected":false},"author":1,"featured_media":0,"parent":0,"menu_order":0,"comment_status":"closed","ping_status":"closed","template":"elementor_header_footer","meta":{"footnotes":""},"folder":[],"class_list":["post-304","page","type-page","status-publish","hentry"],"_hostinger_reach_plugin_has_subscription_block":false,"_hostinger_reach_plugin_is_elementor":false,"_links":{"self":[{"href":"https:\/\/fondsdedotationlinevautrin.fr\/en\/wp-json\/wp\/v2\/pages\/304","targetHints":{"allow":["GET"]}}],"collection":[{"href":"https:\/\/fondsdedotationlinevautrin.fr\/en\/wp-json\/wp\/v2\/pages"}],"about":[{"href":"https:\/\/fondsdedotationlinevautrin.fr\/en\/wp-json\/wp\/v2\/types\/page"}],"author":[{"embeddable":true,"href":"https:\/\/fondsdedotationlinevautrin.fr\/en\/wp-json\/wp\/v2\/users\/1"}],"replies":[{"embeddable":true,"href":"https:\/\/fondsdedotationlinevautrin.fr\/en\/wp-json\/wp\/v2\/comments?post=304"}],"version-history":[{"count":8,"href":"https:\/\/fondsdedotationlinevautrin.fr\/en\/wp-json\/wp\/v2\/pages\/304\/revisions"}],"predecessor-version":[{"id":452,"href":"https:\/\/fondsdedotationlinevautrin.fr\/en\/wp-json\/wp\/v2\/pages\/304\/revisions\/452"}],"wp:attachment":[{"href":"https:\/\/fondsdedotationlinevautrin.fr\/en\/wp-json\/wp\/v2\/media?parent=304"}],"wp:term":[{"taxonomy":"folder","embeddable":true,"href":"https:\/\/fondsdedotationlinevautrin.fr\/en\/wp-json\/wp\/v2\/folder?post=304"}],"curies":[{"name":"wp","href":"https:\/\/api.w.org\/{rel}","templated":true}]}}