{"id":252,"date":"2026-03-17T17:17:08","date_gmt":"2026-03-17T17:17:08","guid":{"rendered":"https:\/\/fondsdedotationlinevautrin.fr\/?page_id=252"},"modified":"2026-03-24T17:29:11","modified_gmt":"2026-03-24T17:29:11","slug":"symbolique-mythologie-et-langage-des-formes","status":"publish","type":"page","link":"https:\/\/fondsdedotationlinevautrin.fr\/en\/symbolique-mythologie-et-langage-des-formes\/","title":{"rendered":"Symbolique, mythologie et langage des formes"},"content":{"rendered":"<div data-elementor-type=\"wp-page\" data-elementor-id=\"252\" class=\"elementor elementor-252\" data-elementor-settings=\"{&quot;ha_cmc_init_switcher&quot;:&quot;no&quot;}\" data-elementor-post-type=\"page\">\n\t\t\t\t<div class=\"elementor-element elementor-element-8a9f313 e-con-full e-flex e-con e-parent\" data-id=\"8a9f313\" data-element_type=\"container\" data-e-type=\"container\" data-settings=\"{&quot;_ha_eqh_enable&quot;:false}\">\n\t\t\t\t<div class=\"elementor-element elementor-element-0ce0873 elementor-widget elementor-widget-spacer\" data-id=\"0ce0873\" data-element_type=\"widget\" data-e-type=\"widget\" data-widget_type=\"spacer.default\">\n\t\t\t\t\t\t\t<div class=\"elementor-spacer\">\n\t\t\t<div class=\"elementor-spacer-inner\"><\/div>\n\t\t<\/div>\n\t\t\t\t\t\t<\/div>\n\t\t\t\t<div class=\"elementor-element elementor-element-2e4cbf3 elementor-widget elementor-widget-heading\" data-id=\"2e4cbf3\" data-element_type=\"widget\" data-e-type=\"widget\" data-widget_type=\"heading.default\">\n\t\t\t\t\t<h1 class=\"elementor-heading-title elementor-size-default\">Symbolique, mythologie et langage des formes chez Line Vautrin<\/h1>\t\t\t\t<\/div>\n\t\t<div class=\"elementor-element elementor-element-87d11dc e-flex e-con-boxed e-con e-child\" data-id=\"87d11dc\" data-element_type=\"container\" data-e-type=\"container\" data-settings=\"{&quot;_ha_eqh_enable&quot;:false}\">\n\t\t\t\t\t<div class=\"e-con-inner\">\n\t\t\t\t<div class=\"elementor-element elementor-element-ab07e34 elementor-widget elementor-widget-text-editor\" data-id=\"ab07e34\" data-element_type=\"widget\" data-e-type=\"widget\" data-widget_type=\"text-editor.default\">\n\t\t\t\t\t\t\t\t\t<p>Comment interpr\u00e9ter les formes dans l\u2019\u0153uvre de Line Vautrin ? La question engage une lecture qui d\u00e9passe la seule dimension plastique. Ses cr\u00e9ations d\u00e9veloppent un langage visuel o\u00f9 s\u2019entrelacent symbolique, motifs et jeux de signes. Comprendre cette dimension suppose d\u2019observer la mani\u00e8re dont formes, inscriptions et compositions participent \u00e0 une construction de sens, sans jamais se r\u00e9duire \u00e0 une signification unique ou ferm\u00e9e.<\/p>\t\t\t\t\t\t\t\t<\/div>\n\t\t\t\t\t<\/div>\n\t\t\t\t<\/div>\n\t\t\t\t<\/div>\n\t\t<div class=\"elementor-element elementor-element-bd6b061 e-grid e-con-boxed e-con e-parent\" data-id=\"bd6b061\" data-element_type=\"container\" data-e-type=\"container\" data-settings=\"{&quot;_ha_eqh_enable&quot;:false}\">\n\t\t\t\t\t<div class=\"e-con-inner\">\n\t\t<div class=\"elementor-element elementor-element-3733cec e-con-full e-flex e-con e-child\" data-id=\"3733cec\" data-element_type=\"container\" data-e-type=\"container\" data-settings=\"{&quot;_ha_eqh_enable&quot;:false}\">\n\t\t\t\t<div class=\"elementor-element elementor-element-ac5637c elementor-widget elementor-widget-heading\" data-id=\"ac5637c\" data-element_type=\"widget\" data-e-type=\"widget\" data-widget_type=\"heading.default\">\n\t\t\t\t\t<h2 class=\"elementor-heading-title elementor-size-default\">La symbolique dans l\u2019\u0153uvre de Line Vautrin<\/h2>\t\t\t\t<\/div>\n\t\t\t\t<div class=\"elementor-element elementor-element-ec7ba0c elementor-widget elementor-widget-text-editor\" data-id=\"ec7ba0c\" data-element_type=\"widget\" data-e-type=\"widget\" data-widget_type=\"text-editor.default\">\n\t\t\t\t\t\t\t\t\tLa symbolique dans l\u2019\u0153uvre de Line Vautrin ne rel\u00e8ve pas d\u2019un syst\u00e8me fig\u00e9. Elle s\u2019exprime \u00e0 travers des formes simples, des figures r\u00e9currentes et des associations visuelles qui invitent \u00e0 l\u2019interpr\u00e9tation. Plut\u00f4t qu\u2019un discours explicite, l\u2019artiste propose un ensemble de signes ouverts, o\u00f9 <a href=\"https:\/\/fondsdedotationlinevautrin.fr\/en\/les-miroirs-de-line-vautrin\/\" title=\"Les miroirs de Line Vautrin\">le reflet et le rapport au spectateur<\/a> jouent un r\u00f4le actif dans la construction du sens.\t\t\t\t\t\t\t\t<\/div>\n\t\t\t\t<\/div>\n\t\t<div class=\"elementor-element elementor-element-003bb4f e-con-full e-flex e-con e-child\" data-id=\"003bb4f\" data-element_type=\"container\" data-e-type=\"container\" data-settings=\"{&quot;background_background&quot;:&quot;classic&quot;,&quot;_ha_eqh_enable&quot;:false}\">\n\t\t\t\t<\/div>\n\t\t<div class=\"elementor-element elementor-element-38e8a76 e-con-full e-flex e-con e-child\" data-id=\"38e8a76\" data-element_type=\"container\" data-e-type=\"container\" data-settings=\"{&quot;_ha_eqh_enable&quot;:false}\">\n\t\t\t\t<div class=\"elementor-element elementor-element-e8890fc elementor-widget elementor-widget-heading\" data-id=\"e8890fc\" data-element_type=\"widget\" data-e-type=\"widget\" data-widget_type=\"heading.default\">\n\t\t\t\t\t<h2 class=\"elementor-heading-title elementor-size-default\">R\u00e9bus, inscriptions et jeux de langage<\/h2>\t\t\t\t<\/div>\n\t\t\t\t<div class=\"elementor-element elementor-element-48dd01c elementor-widget elementor-widget-text-editor\" data-id=\"48dd01c\" data-element_type=\"widget\" data-e-type=\"widget\" data-widget_type=\"text-editor.default\">\n\t\t\t\t\t\t\t\t\tLes inscriptions occupent une place essentielle dans de nombreuses cr\u00e9ations. <a href=\"https:\/\/fondsdedotationlinevautrin.fr\/en\/bijoux-et-objets-entre-art-et-artisanat\/\" title=\"Bijoux et objets : entre art et artisanat\">les inscriptions, les r\u00e9bus et le langage formel<\/a> viennent s\u2019int\u00e9grer \u00e0 la composition. Cette pr\u00e9sence du langage introduit un double niveau de lecture : visuel et textuel. Lire l\u2019\u0153uvre de Line Vautrin suppose alors de d\u00e9chiffrer autant que de regarder. Le sens ne se donne pas imm\u00e9diatement ; il se construit dans l\u2019interaction entre l\u2019objet et celui qui l\u2019observe.\t\t\t\t\t\t\t\t<\/div>\n\t\t\t\t<\/div>\n\t\t\t\t\t<\/div>\n\t\t\t\t<\/div>\n\t\t<div class=\"elementor-element elementor-element-67e69c0 e-grid e-con-boxed e-con e-parent\" data-id=\"67e69c0\" data-element_type=\"container\" data-e-type=\"container\" data-settings=\"{&quot;_ha_eqh_enable&quot;:false}\">\n\t\t\t\t\t<div class=\"e-con-inner\">\n\t\t<div class=\"elementor-element elementor-element-46239a4 e-con-full e-flex e-con e-child\" data-id=\"46239a4\" data-element_type=\"container\" data-e-type=\"container\" data-settings=\"{&quot;_ha_eqh_enable&quot;:false}\">\n\t\t\t\t<div class=\"elementor-element elementor-element-35e1105 elementor-widget elementor-widget-heading\" data-id=\"35e1105\" data-element_type=\"widget\" data-e-type=\"widget\" data-widget_type=\"heading.default\">\n\t\t\t\t\t<h2 class=\"elementor-heading-title elementor-size-default\">Mythologie et r\u00e9f\u00e9rences implicites<\/h2>\t\t\t\t<\/div>\n\t\t\t\t<div class=\"elementor-element elementor-element-55147ff elementor-widget elementor-widget-text-editor\" data-id=\"55147ff\" data-element_type=\"widget\" data-e-type=\"widget\" data-widget_type=\"text-editor.default\">\n\t\t\t\t\t\t\t\t\t<p>La question de la mythologie dans l\u2019\u0153uvre de Line Vautrin se pose de mani\u00e8re indirecte. Il ne s\u2019agit pas de r\u00e9f\u00e9rences explicites ou narratives, mais d\u2019un ensemble de formes et de motifs pouvant \u00e9voquer des figures symboliques, des imaginaires collectifs ou des arch\u00e9types. Ces \u00e9chos restent ouverts, sans volont\u00e9 d\u2019inscription dans un r\u00e9cit pr\u00e9cis. Ils participent \u00e0 la profondeur de l\u2019\u0153uvre, tout en laissant une grande libert\u00e9 d\u2019interpr\u00e9tation.<\/p>\t\t\t\t\t\t\t\t<\/div>\n\t\t\t\t<\/div>\n\t\t<div class=\"elementor-element elementor-element-3c4cfd7 e-con-full e-flex e-con e-child\" data-id=\"3c4cfd7\" data-element_type=\"container\" data-e-type=\"container\" data-settings=\"{&quot;_ha_eqh_enable&quot;:false}\">\n\t\t\t\t<div class=\"elementor-element elementor-element-ff950ff elementor-widget elementor-widget-heading\" data-id=\"ff950ff\" data-element_type=\"widget\" data-e-type=\"widget\" data-widget_type=\"heading.default\">\n\t\t\t\t\t<h2 class=\"elementor-heading-title elementor-size-default\">Un langage formel entre abstraction et figuration<\/h2>\t\t\t\t<\/div>\n\t\t\t\t<div class=\"elementor-element elementor-element-06abc06 elementor-widget elementor-widget-text-editor\" data-id=\"06abc06\" data-element_type=\"widget\" data-e-type=\"widget\" data-widget_type=\"text-editor.default\">\n\t\t\t\t\t\t\t\t\t<p>Le langage des formes chez Line Vautrin se situe \u00e0 la fronti\u00e8re de l\u2019abstraction et de la figuration. Certaines compositions \u00e9voquent des figures reconnaissables, tandis que d\u2019autres rel\u00e8vent d\u2019une organisation plus libre des formes. Cette tension contribue \u00e0 la richesse visuelle de l\u2019ensemble. Elle emp\u00eache toute lecture univoque et invite \u00e0 une observation attentive des relations entre les \u00e9l\u00e9ments.<\/p>\t\t\t\t\t\t\t\t<\/div>\n\t\t\t\t<\/div>\n\t\t<div class=\"elementor-element elementor-element-4b33e86 e-con-full e-flex e-con e-child\" data-id=\"4b33e86\" data-element_type=\"container\" data-e-type=\"container\" data-settings=\"{&quot;_ha_eqh_enable&quot;:false}\">\n\t\t\t\t<div class=\"elementor-element elementor-element-0816234 elementor-widget elementor-widget-heading\" data-id=\"0816234\" data-element_type=\"widget\" data-e-type=\"widget\" data-widget_type=\"heading.default\">\n\t\t\t\t\t<h2 class=\"elementor-heading-title elementor-size-default\">Une \u0153uvre \u00e0 lire autant qu\u2019\u00e0 regarder<\/h2>\t\t\t\t<\/div>\n\t\t\t\t<div class=\"elementor-element elementor-element-995bfdd elementor-widget elementor-widget-text-editor\" data-id=\"995bfdd\" data-element_type=\"widget\" data-e-type=\"widget\" data-widget_type=\"text-editor.default\">\n\t\t\t\t\t\t\t\t\t<p>Comment interpr\u00e9ter les formes dans l\u2019\u0153uvre de Line Vautrin ? La question engage une lecture qui d\u00e9passe la seule dimension plastique. Ses cr\u00e9ations d\u00e9veloppent un langage visuel o\u00f9 s\u2019entrelacent symbolique, motifs et jeux de signes. Comprendre cette dimension suppose d\u2019observer la mani\u00e8re dont formes, inscriptions et compositions participent \u00e0 une construction de sens, en lien avec <a title=\"Line Vautrin et les courants artistiques du XXe si\u00e8cle\" href=\"https:\/\/fondsdedotationlinevautrin.fr\/en\/line-vautrin-et-les-courants-artistiques-du-xxe-siecle\/\">le contexte artistique du XXe si\u00e8cle<\/a>, sans jamais se r\u00e9duire \u00e0 une signification unique ou ferm\u00e9e.<\/p>\t\t\t\t\t\t\t\t<\/div>\n\t\t\t\t<\/div>\n\t\t\t\t\t<\/div>\n\t\t\t\t<\/div>\n\t\t<div class=\"elementor-element elementor-element-37c47b5 e-flex e-con-boxed e-con e-parent\" data-id=\"37c47b5\" data-element_type=\"container\" data-e-type=\"container\" data-settings=\"{&quot;_ha_eqh_enable&quot;:false}\">\n\t\t\t\t\t<div class=\"e-con-inner\">\n\t\t<div class=\"elementor-element elementor-element-8490aed e-con-full e-flex e-con e-child\" data-id=\"8490aed\" data-element_type=\"container\" data-e-type=\"container\" data-settings=\"{&quot;_ha_eqh_enable&quot;:false}\">\n\t\t\t\t<div class=\"elementor-element elementor-element-b9a4ef3 elementor-widget elementor-widget-text-editor\" data-id=\"b9a4ef3\" data-element_type=\"widget\" data-e-type=\"widget\" data-widget_type=\"text-editor.default\">\n\t\t\t\t\t\t\t\t\tSymbolique, langage et formes sont indissociables dans l\u2019\u0153uvre de Line Vautrin. Ils constituent un syst\u00e8me ouvert, o\u00f9 chaque cr\u00e9ation propose une exp\u00e9rience visuelle et intellectuelle. Loin d\u2019imposer un sens unique, l\u2019artiste construit un univers o\u00f9 le regard est invit\u00e9 \u00e0 explorer, interpr\u00e9ter et relier. Cette approche repose aussi sur <a href=\"https:\/\/fondsdedotationlinevautrin.fr\/en\/les-materiaux-utilises-par-line-vautrin\/\" title=\"Les mat\u00e9riaux utilis\u00e9s par Line Vautrin\">les mat\u00e9riaux au service de la forme et du symbole<\/a>, contribuant \u00e0 la singularit\u00e9 et \u00e0 la richesse durable de son travail.\t\t\t\t\t\t\t\t<\/div>\n\t\t\t\t<div class=\"elementor-element elementor-element-32a2f0f elementor-widget elementor-widget-spacer\" data-id=\"32a2f0f\" data-element_type=\"widget\" data-e-type=\"widget\" data-widget_type=\"spacer.default\">\n\t\t\t\t\t\t\t<div class=\"elementor-spacer\">\n\t\t\t<div class=\"elementor-spacer-inner\"><\/div>\n\t\t<\/div>\n\t\t\t\t\t\t<\/div>\n\t\t\t\t<div class=\"elementor-element elementor-element-9b875b2 elementor-widget elementor-widget-heading\" data-id=\"9b875b2\" data-element_type=\"widget\" data-e-type=\"widget\" data-widget_type=\"heading.default\">\n\t\t\t\t\t<h2 class=\"elementor-heading-title elementor-size-default\">Conclusion<\/h2>\t\t\t\t<\/div>\n\t\t\t\t<\/div>\n\t\t\t\t\t<\/div>\n\t\t\t\t<\/div>\n\t\t\t\t<\/div>","protected":false},"excerpt":{"rendered":"<p>Symbolique, mythologie et langage des formes chez Line Vautrin Comment interpr\u00e9ter les formes dans l\u2019\u0153uvre de Line Vautrin ? La question engage une lecture qui d\u00e9passe la seule dimension plastique. Ses cr\u00e9ations d\u00e9veloppent un langage visuel o\u00f9 s\u2019entrelacent symbolique, motifs et jeux de signes. Comprendre cette dimension suppose d\u2019observer la mani\u00e8re dont formes, inscriptions et [&hellip;]<\/p>\n","protected":false},"author":1,"featured_media":0,"parent":0,"menu_order":0,"comment_status":"closed","ping_status":"closed","template":"elementor_header_footer","meta":{"footnotes":""},"folder":[],"class_list":["post-252","page","type-page","status-publish","hentry"],"_hostinger_reach_plugin_has_subscription_block":false,"_hostinger_reach_plugin_is_elementor":false,"_links":{"self":[{"href":"https:\/\/fondsdedotationlinevautrin.fr\/en\/wp-json\/wp\/v2\/pages\/252","targetHints":{"allow":["GET"]}}],"collection":[{"href":"https:\/\/fondsdedotationlinevautrin.fr\/en\/wp-json\/wp\/v2\/pages"}],"about":[{"href":"https:\/\/fondsdedotationlinevautrin.fr\/en\/wp-json\/wp\/v2\/types\/page"}],"author":[{"embeddable":true,"href":"https:\/\/fondsdedotationlinevautrin.fr\/en\/wp-json\/wp\/v2\/users\/1"}],"replies":[{"embeddable":true,"href":"https:\/\/fondsdedotationlinevautrin.fr\/en\/wp-json\/wp\/v2\/comments?post=252"}],"version-history":[{"count":11,"href":"https:\/\/fondsdedotationlinevautrin.fr\/en\/wp-json\/wp\/v2\/pages\/252\/revisions"}],"predecessor-version":[{"id":461,"href":"https:\/\/fondsdedotationlinevautrin.fr\/en\/wp-json\/wp\/v2\/pages\/252\/revisions\/461"}],"wp:attachment":[{"href":"https:\/\/fondsdedotationlinevautrin.fr\/en\/wp-json\/wp\/v2\/media?parent=252"}],"wp:term":[{"taxonomy":"folder","embeddable":true,"href":"https:\/\/fondsdedotationlinevautrin.fr\/en\/wp-json\/wp\/v2\/folder?post=252"}],"curies":[{"name":"wp","href":"https:\/\/api.w.org\/{rel}","templated":true}]}}